{"id":81,"date":"2011-04-24T01:06:49","date_gmt":"2011-04-24T00:06:49","guid":{"rendered":"http:\/\/www.aklink.de\/wpak\/?page_id=81"},"modified":"2020-06-28T21:06:58","modified_gmt":"2020-06-28T19:06:58","slug":"freiberufliche-tatigkeiten","status":"publish","type":"page","link":"https:\/\/www.aklink.de\/wpak\/zur-person\/freiberufliche-tatigkeiten\/","title":{"rendered":"Freiberufliche T\u00e4tigkeiten"},"content":{"rendered":"<p>Neben meiner Festanstellung bin ich seit 1999 erg\u00e4nzend und in begrenztem Umfang freiberuflich t\u00e4tig.<\/p>\n<ul>\n<li>ab 1999<br \/>\nDiplom-Psychologe in der Familienberatung \/ Familienhilfe<br \/>\n<a href=\"https:\/\/www.awo-essen.de\/kinder-eltern\/einrichtungen-buergerhaeuser\/jugendhilfenetzwerk\/\" target=\"_blank\" rel=\"noopener noreferrer\">Jugendhilfenetzwerk <\/a>Essen-Nord der AWO, SKF Essen, Jugendamt Essen<\/li>\n<li>ab 2001<br \/>\nSch\u00fclerworkshops in und f\u00fcr Essener Schulen<br \/>\nu. a. zu den Ausstellungen &#8222;Ein starkes St\u00fcck Deutschland &#8211; Migration in Deutschland seit 1945&#8220;, &#8222;Labyrinth Fluchtweg&#8220;, &#8222;Clandestino illegal&#8220; und &#8222;Ich habe den Krieg gezeichnet&#8220; mit Zeichnungen von Kindern aus Kriegs- und Krisengebieten&#8220;, Sch\u00fclertrainings gegen rechte Parolen<\/li>\n<li>ab 2001<br \/>\nModeration von Diskussionsveranstaltungen und Seminaren<br \/>\nu. a. Diskussionsveranstaltung zum Thema &#8222;Jugend zwischen Ausl\u00e4nderfeindlichkeit und Multikulti&#8220;; Kurzseminar zu Kommunikationsformen zwischen Politik, Ausl\u00e4nderbeirat und Migrantengruppen; Gespr\u00e4chsforums Zuwanderung, Dialog zwischen Muslimen und Christen, Diskriminierung in Essen<\/li>\n<li>2002-2008<br \/>\nWissenschaftliche Beratung des Interkulturellen B\u00fcros der Stadt Essen \/ RAA Essen \u00a0(heute <a href=\"https:\/\/www.essen.de\/rathaus\/aemter\/ordner_0401\/interkulturelle_orientierung\/Fachbereich_Interkulturelle_Orientierung_Kommunales_Integrationszentrum_Essen.de.html\">kommunales Integrationszentrum<\/a>): Evaluation des SCHUBILE-Projektes (Schulen f\u00f6rdern bilinguales Lernen), Befragung t\u00fcrkischer Eltern in Essen zu Bildungsidealen und \u2013zielen; Konzeptentwicklung f\u00fcr ein Interkulturelles Begeg\u00adnungszentrum in Essen, Auswertung der Umfrage zum Them \u201eZukunftsw\u00fcnsche, Mediennutzung und Teilnahme an Unterrichtsveranstaltungen von Sch\u00fclern\/-innen der Jahrg\u00e4nge 9 und 10&#8243;<\/li>\n<li>ab 2003<br \/>\nsystemische Einzel-, Paar- und Familienberatung &amp;-therapie \/ Einzelsupervision<\/li>\n<li>2003-2004<br \/>\nWissenschaftliche Beratung der <a href=\"http:\/\/www.kliniken-essen-mitte.de\/leistung\/fachabteilungen\/naturheilkunde-u-integrative-medizin\/home.html\" target=\"_blank\" rel=\"noopener noreferrer\">Kliniken Essen Mitte <\/a><br \/>\nAbteilung f\u00fcr Naturheilkunde und Integrative Medizin &#8211; Ordnungstherapie<\/li>\n<li>2010-2011<br \/>\nWissenschaftliche Beratung im Auftrag des <a href=\"https:\/\/www.awo-essen.de\/kinder-eltern\/einrichtungen-buergerhaeuser\/jugendhilfenetzwerk\/\" target=\"_blank\" rel=\"noopener noreferrer\">Jugendhilfenetzwerks <\/a>Essen Nord<br \/>\nKonzeptentwicklung systemisches Clearing \/ systemische Diagnostik<br \/>\nAufsuchende Befragung in Essen-Altenessen zur Einrichtung eines kriminalpr\u00e4ventiven Netzwerks<\/li>\n<li>2011-2012<br \/>\nLehrt\u00e4tigkeit f\u00fcr das <a href=\"http:\/\/www.if-weinheim.de\/\" target=\"_blank\" rel=\"noopener noreferrer\">IF Weinheim<\/a> (Institut f\u00fcr Systemische Ausbildung und Entwicklung)<br \/>\nThemen: u.a. Zwangskontexte in der Jugendhilfe und Grundlagen der systemischen Therapie<\/li>\n<li>2012-2014<br \/>\nEltern- und Schulberatung an Essener Grundschulen<\/li>\n<li>ab 2012<br \/>\nFreiberufliche Team- und Fallsupervision in unterschiedlichen Einrichtungen<\/li>\n<li>seit November 2012<br \/>\nMitarbeit im Redaktionsteam der \u00a0<a href=\"http:\/\/if-weinheim.de\/if-weinheim\/systhema\/systhema.html\" target=\"_blank\" rel=\"noopener noreferrer\">Systhema<\/a><\/li>\n<li>seit November 2012<br \/>\nLehrtherapeut im \u00a0<a href=\"http:\/\/www.if-weinheim.de\/\" target=\"_blank\" rel=\"noopener noreferrer\">IF Weinheim<\/a>\u00a0(Institut f\u00fcr Systemische Ausbildung und Entwicklung). Seminare zur systemischen Therapie und Beratung<\/li>\n<li>seit November 2014 gesch\u00e4ftsf\u00fchrende Redaktion der\u00a0<a href=\"http:\/\/if-weinheim.de\/if-weinheim\/systhema\/systhema.html\" target=\"_blank\" rel=\"noopener noreferrer\">Systhema<\/a>\u00a0 &#8211; bis 2016 in Vertretung f\u00fcr Ursel Winkler (\u2020)<\/li>\n<\/ul>\n","protected":false},"excerpt":{"rendered":"<p>Neben meiner Festanstellung bin ich seit 1999 erg\u00e4nzend und in begrenztem Umfang freiberuflich t\u00e4tig. ab 1999 Diplom-Psychologe in der Familienberatung \/ Familienhilfe Jugendhilfenetzwerk Essen-Nord der AWO, SKF Essen, Jugendamt Essen ab 2001 Sch\u00fclerworkshops in und f\u00fcr Essener Schulen u. a. zu den Ausstellungen &#8222;Ein starkes St\u00fcck Deutschland &#8211; Migration in Deutschland seit 1945&#8220;, &#8222;Labyrinth Fluchtweg&#8220;, &#8222;Clandestino illegal&#8220; und &#8222;Ich habe<\/p>\n","protected":false},"author":1,"featured_media":0,"parent":62,"menu_order":3,"comment_status":"closed","ping_status":"open","template":"","meta":{"footnotes":""},"class_list":["post-81","page","type-page","status-publish","hentry"],"yoast_head":"<!-- This site is optimized with the Yoast SEO plugin v26.4 - https:\/\/yoast.com\/wordpress\/plugins\/seo\/ -->\n<title>Freiberufliche T\u00e4tigkeiten | Andreas Klink<\/title>\n<meta name=\"robots\" content=\"index, follow, max-snippet:-1, max-image-preview:large, max-video-preview:-1\" \/>\n<link rel=\"canonical\" href=\"https:\/\/www.aklink.de\/wpak\/zur-person\/freiberufliche-tatigkeiten\/\" \/>\n<meta property=\"og:locale\" content=\"de_DE\" \/>\n<meta property=\"og:type\" content=\"article\" \/>\n<meta property=\"og:title\" content=\"Freiberufliche T\u00e4tigkeiten | Andreas Klink\" \/>\n<meta property=\"og:description\" content=\"Neben meiner Festanstellung bin ich seit 1999 erg\u00e4nzend und in begrenztem Umfang freiberuflich t\u00e4tig. ab 1999 Diplom-Psychologe in der Familienberatung \/ Familienhilfe Jugendhilfenetzwerk Essen-Nord der AWO, SKF Essen, Jugendamt Essen ab 2001 Sch\u00fclerworkshops in und f\u00fcr Essener Schulen u. a. zu den Ausstellungen &#8222;Ein starkes St\u00fcck Deutschland &#8211; Migration in Deutschland seit 1945&#8220;, &#8222;Labyrinth Fluchtweg&#8220;, &#8222;Clandestino illegal&#8220; und &#8222;Ich habe\" \/>\n<meta property=\"og:url\" content=\"https:\/\/www.aklink.de\/wpak\/zur-person\/freiberufliche-tatigkeiten\/\" \/>\n<meta property=\"og:site_name\" content=\"Andreas Klink\" \/>\n<meta property=\"article:modified_time\" content=\"2020-06-28T19:06:58+00:00\" \/>\n<meta name=\"twitter:card\" content=\"summary_large_image\" \/>\n<meta name=\"twitter:label1\" content=\"Gesch\u00e4tzte Lesezeit\" \/>\n\t<meta name=\"twitter:data1\" content=\"2\u00a0Minuten\" \/>\n<script type=\"application\/ld+json\" class=\"yoast-schema-graph\">{\"@context\":\"https:\/\/schema.org\",\"@graph\":[{\"@type\":\"WebPage\",\"@id\":\"https:\/\/www.aklink.de\/wpak\/zur-person\/freiberufliche-tatigkeiten\/\",\"url\":\"https:\/\/www.aklink.de\/wpak\/zur-person\/freiberufliche-tatigkeiten\/\",\"name\":\"Freiberufliche T\u00e4tigkeiten | Andreas Klink\",\"isPartOf\":{\"@id\":\"http:\/\/www.aklink.de\/wpak\/#website\"},\"datePublished\":\"2011-04-24T00:06:49+00:00\",\"dateModified\":\"2020-06-28T19:06:58+00:00\",\"breadcrumb\":{\"@id\":\"https:\/\/www.aklink.de\/wpak\/zur-person\/freiberufliche-tatigkeiten\/#breadcrumb\"},\"inLanguage\":\"de\",\"potentialAction\":[{\"@type\":\"ReadAction\",\"target\":[\"https:\/\/www.aklink.de\/wpak\/zur-person\/freiberufliche-tatigkeiten\/\"]}]},{\"@type\":\"BreadcrumbList\",\"@id\":\"https:\/\/www.aklink.de\/wpak\/zur-person\/freiberufliche-tatigkeiten\/#breadcrumb\",\"itemListElement\":[{\"@type\":\"ListItem\",\"position\":1,\"name\":\"Startseite\",\"item\":\"http:\/\/www.aklink.de\/wpak\/\"},{\"@type\":\"ListItem\",\"position\":2,\"name\":\"Zur Person\",\"item\":\"http:\/\/www.aklink.de\/wpak\/zur-person\/\"},{\"@type\":\"ListItem\",\"position\":3,\"name\":\"Freiberufliche T\u00e4tigkeiten\"}]},{\"@type\":\"WebSite\",\"@id\":\"http:\/\/www.aklink.de\/wpak\/#website\",\"url\":\"http:\/\/www.aklink.de\/wpak\/\",\"name\":\"Andreas Klink\",\"description\":\"\",\"publisher\":{\"@id\":\"http:\/\/www.aklink.de\/wpak\/#\/schema\/person\/56e12f2c209b4947bd310bde790c9815\"},\"potentialAction\":[{\"@type\":\"SearchAction\",\"target\":{\"@type\":\"EntryPoint\",\"urlTemplate\":\"http:\/\/www.aklink.de\/wpak\/?s={search_term_string}\"},\"query-input\":{\"@type\":\"PropertyValueSpecification\",\"valueRequired\":true,\"valueName\":\"search_term_string\"}}],\"inLanguage\":\"de\"},{\"@type\":[\"Person\",\"Organization\"],\"@id\":\"http:\/\/www.aklink.de\/wpak\/#\/schema\/person\/56e12f2c209b4947bd310bde790c9815\",\"name\":\"ak\",\"logo\":{\"@id\":\"http:\/\/www.aklink.de\/wpak\/#\/schema\/person\/image\/\"},\"sameAs\":[\"http:\/\/www.aklink.de\"]}]}<\/script>\n<!-- \/ Yoast SEO plugin. -->","yoast_head_json":{"title":"Freiberufliche T\u00e4tigkeiten | Andreas Klink","robots":{"index":"index","follow":"follow","max-snippet":"max-snippet:-1","max-image-preview":"max-image-preview:large","max-video-preview":"max-video-preview:-1"},"canonical":"https:\/\/www.aklink.de\/wpak\/zur-person\/freiberufliche-tatigkeiten\/","og_locale":"de_DE","og_type":"article","og_title":"Freiberufliche T\u00e4tigkeiten | Andreas Klink","og_description":"Neben meiner Festanstellung bin ich seit 1999 erg\u00e4nzend und in begrenztem Umfang freiberuflich t\u00e4tig. ab 1999 Diplom-Psychologe in der Familienberatung \/ Familienhilfe Jugendhilfenetzwerk Essen-Nord der AWO, SKF Essen, Jugendamt Essen ab 2001 Sch\u00fclerworkshops in und f\u00fcr Essener Schulen u. a. zu den Ausstellungen &#8222;Ein starkes St\u00fcck Deutschland &#8211; Migration in Deutschland seit 1945&#8220;, &#8222;Labyrinth Fluchtweg&#8220;, &#8222;Clandestino illegal&#8220; und &#8222;Ich habe","og_url":"https:\/\/www.aklink.de\/wpak\/zur-person\/freiberufliche-tatigkeiten\/","og_site_name":"Andreas Klink","article_modified_time":"2020-06-28T19:06:58+00:00","twitter_card":"summary_large_image","twitter_misc":{"Gesch\u00e4tzte Lesezeit":"2\u00a0Minuten"},"schema":{"@context":"https:\/\/schema.org","@graph":[{"@type":"WebPage","@id":"https:\/\/www.aklink.de\/wpak\/zur-person\/freiberufliche-tatigkeiten\/","url":"https:\/\/www.aklink.de\/wpak\/zur-person\/freiberufliche-tatigkeiten\/","name":"Freiberufliche T\u00e4tigkeiten | Andreas Klink","isPartOf":{"@id":"http:\/\/www.aklink.de\/wpak\/#website"},"datePublished":"2011-04-24T00:06:49+00:00","dateModified":"2020-06-28T19:06:58+00:00","breadcrumb":{"@id":"https:\/\/www.aklink.de\/wpak\/zur-person\/freiberufliche-tatigkeiten\/#breadcrumb"},"inLanguage":"de","potentialAction":[{"@type":"ReadAction","target":["https:\/\/www.aklink.de\/wpak\/zur-person\/freiberufliche-tatigkeiten\/"]}]},{"@type":"BreadcrumbList","@id":"https:\/\/www.aklink.de\/wpak\/zur-person\/freiberufliche-tatigkeiten\/#breadcrumb","itemListElement":[{"@type":"ListItem","position":1,"name":"Startseite","item":"http:\/\/www.aklink.de\/wpak\/"},{"@type":"ListItem","position":2,"name":"Zur Person","item":"http:\/\/www.aklink.de\/wpak\/zur-person\/"},{"@type":"ListItem","position":3,"name":"Freiberufliche T\u00e4tigkeiten"}]},{"@type":"WebSite","@id":"http:\/\/www.aklink.de\/wpak\/#website","url":"http:\/\/www.aklink.de\/wpak\/","name":"Andreas Klink","description":"","publisher":{"@id":"http:\/\/www.aklink.de\/wpak\/#\/schema\/person\/56e12f2c209b4947bd310bde790c9815"},"potentialAction":[{"@type":"SearchAction","target":{"@type":"EntryPoint","urlTemplate":"http:\/\/www.aklink.de\/wpak\/?s={search_term_string}"},"query-input":{"@type":"PropertyValueSpecification","valueRequired":true,"valueName":"search_term_string"}}],"inLanguage":"de"},{"@type":["Person","Organization"],"@id":"http:\/\/www.aklink.de\/wpak\/#\/schema\/person\/56e12f2c209b4947bd310bde790c9815","name":"ak","logo":{"@id":"http:\/\/www.aklink.de\/wpak\/#\/schema\/person\/image\/"},"sameAs":["http:\/\/www.aklink.de"]}]}},"_links":{"self":[{"href":"https:\/\/www.aklink.de\/wpak\/wp-json\/wp\/v2\/pages\/81","targetHints":{"allow":["GET"]}}],"collection":[{"href":"https:\/\/www.aklink.de\/wpak\/wp-json\/wp\/v2\/pages"}],"about":[{"href":"https:\/\/www.aklink.de\/wpak\/wp-json\/wp\/v2\/types\/page"}],"author":[{"embeddable":true,"href":"https:\/\/www.aklink.de\/wpak\/wp-json\/wp\/v2\/users\/1"}],"replies":[{"embeddable":true,"href":"https:\/\/www.aklink.de\/wpak\/wp-json\/wp\/v2\/comments?post=81"}],"version-history":[{"count":50,"href":"https:\/\/www.aklink.de\/wpak\/wp-json\/wp\/v2\/pages\/81\/revisions"}],"predecessor-version":[{"id":2399,"href":"https:\/\/www.aklink.de\/wpak\/wp-json\/wp\/v2\/pages\/81\/revisions\/2399"}],"up":[{"embeddable":true,"href":"https:\/\/www.aklink.de\/wpak\/wp-json\/wp\/v2\/pages\/62"}],"wp:attachment":[{"href":"https:\/\/www.aklink.de\/wpak\/wp-json\/wp\/v2\/media?parent=81"}],"curies":[{"name":"wp","href":"https:\/\/api.w.org\/{rel}","templated":true}]}}