{"id":91,"date":"2011-04-24T00:13:13","date_gmt":"2011-04-24T00:13:13","guid":{"rendered":"http:\/\/www.aklink.de\/wpak\/?page_id=91"},"modified":"2025-11-29T22:54:20","modified_gmt":"2025-11-29T21:54:20","slug":"publikationen","status":"publish","type":"page","link":"https:\/\/www.aklink.de\/wpak\/zur-person\/publikationen\/","title":{"rendered":"Publikationen"},"content":{"rendered":"<div>\n<h5><span style=\"text-decoration: underline;\">B\u00fccher &#8211; Zeitschriften<\/span><\/h5>\n<p><span style=\"display: inline !important; float: none; background-color: transparent; color: #111111; cursor: text; font-family: 'Lato',Tahoma,Verdana,Arial; font-size: 16px; font-style: normal; font-variant: normal; font-weight: 400; letter-spacing: normal; orphans: 2; text-align: left; text-decoration: none; text-indent: 0px; text-transform: none; -webkit-text-stroke-width: 0px; white-space: normal; word-spacing: 0px;\">SYSTHEMA (2025b). <a href=\"http:\/\/www.aklink.de\/wpak\/wp-content\/uploads\/2025\/11\/Systhema-3_2025_Inhalt.pdf\" target=\"_blank\" rel=\"noopener noreferrer\">Heft 3-2025<\/a>. siehe: <a href=\"https:\/\/if-weinheim.de\/systhema\/systhema-2025\/\" target=\"_blank\" rel=\"noopener noreferrer\">Systhema im Internet<\/a><\/span><\/p>\n<p><span style=\"display: inline !important; float: none; background-color: transparent; color: #111111; cursor: text; font-family: 'Lato',Tahoma,Verdana,Arial; font-size: 16px; font-style: normal; font-variant: normal; font-weight: 400; letter-spacing: normal; orphans: 2; text-align: left; text-decoration: none; text-indent: 0px; text-transform: none; -webkit-text-stroke-width: 0px; white-space: normal; word-spacing: 0px;\">SYSTHEMA (2025a). <a href=\"http:\/\/www.aklink.de\/wpak\/wp-content\/uploads\/2025\/11\/Systhema-2_2025_Inhalt.pdf\" target=\"_blank\" rel=\"noopener noreferrer\">Heft 2-2025<\/a>. siehe: <a href=\"https:\/\/if-weinheim.de\/systhema\/systhema-2025\/\" target=\"_blank\" rel=\"noopener noreferrer\">Systhema im Internet<\/a><\/span><\/p>\n<p><span style=\"display: inline !important; float: none; background-color: transparent; color: #111111; cursor: text; font-family: 'Lato',Tahoma,Verdana,Arial; font-size: 16px; font-style: normal; font-variant: normal; font-weight: 400; letter-spacing: normal; orphans: 2; text-align: left; text-decoration: none; text-indent: 0px; text-transform: none; -webkit-text-stroke-width: 0px; white-space: normal; word-spacing: 0px;\">SYSTHEMA (2024b). <a href=\"http:\/\/www.aklink.de\/wpak\/wp-content\/uploads\/2025\/11\/Systhema-2_2024_Inhalt.pdf\" target=\"_blank\" rel=\"noopener noreferrer\">Heft 2-2024<\/a>. siehe: <a href=\"https:\/\/if-weinheim.de\/systhema\/systhema-2024\/\" target=\"_blank\" rel=\"noopener noreferrer\">Systhema im Internet<\/a><\/span><\/p>\n<p><span style=\"display: inline !important; float: none; background-color: transparent; color: #111111; cursor: text; font-family: 'Lato',Tahoma,Verdana,Arial; font-size: 16px; font-style: normal; font-variant: normal; font-weight: 400; letter-spacing: normal; orphans: 2; text-align: left; text-decoration: none; text-indent: 0px; text-transform: none; -webkit-text-stroke-width: 0px; white-space: normal; word-spacing: 0px;\">SYSTHEMA (2024a). <a href=\"http:\/\/www.aklink.de\/wpak\/wp-content\/uploads\/2024\/03\/Systhema-1_2024_Inhalt.pdf\" target=\"_blank\" rel=\"noopener noreferrer\">Heft 1-2024<\/a>. siehe: <a href=\"https:\/\/if-weinheim.de\/systhema\/systhema-2024\/\" target=\"_blank\" rel=\"noopener noreferrer\">Systhema im Internet<\/a><\/span><\/p>\n<p><span style=\"display: inline !important; float: none; background-color: transparent; color: #111111; cursor: text; font-family: 'Lato',Tahoma,Verdana,Arial; font-size: 16px; font-style: normal; font-variant: normal; font-weight: 400; letter-spacing: normal; orphans: 2; text-align: left; text-decoration: none; text-indent: 0px; text-transform: none; -webkit-text-stroke-width: 0px; white-space: normal; word-spacing: 0px;\">SYSTHEMA (2023). <a href=\"http:\/\/www.aklink.de\/wpak\/wp-content\/uploads\/2023\/06\/Systhema-2_2023_Inhalt.pdf\" target=\"_blank\" rel=\"noopener noreferrer\">Themenschwerpunkt: Systemisches Arbeiten im Kontext Schule<\/a>. Heft 2-2023. siehe: <a href=\"https:\/\/if-weinheim.de\/systhema\/systhema-2023\/\" target=\"_blank\" rel=\"noopener noreferrer\">Systhema im Internet<\/a><\/span><\/p>\n<p><span style=\"display: inline !important; float: none; background-color: transparent; color: #111111; cursor: text; font-family: 'Lato',Tahoma,Verdana,Arial; font-size: 16px; font-style: normal; font-variant: normal; font-weight: 400; letter-spacing: normal; orphans: 2; text-align: left; text-decoration: none; text-indent: 0px; text-transform: none; -webkit-text-stroke-width: 0px; white-space: normal; word-spacing: 0px;\">SYSTHEMA (2022b). <a href=\"http:\/\/www.aklink.de\/wpak\/wp-content\/uploads\/2022\/06\/Systhema_2_2022_Inhalt.pdf\" target=\"_blank\" rel=\"noopener noreferrer\">Heft 2-2022<\/a>. siehe: <a href=\"https:\/\/if-weinheim.de\/systhema\/systhema-2022\/\" target=\"_blank\" rel=\"noopener noreferrer\">Systhema im Internet<\/a><\/span><\/p>\n<p><span style=\"display: inline !important; float: none; background-color: transparent; color: #111111; cursor: text; font-family: 'Lato',Tahoma,Verdana,Arial; font-size: 16px; font-style: normal; font-variant: normal; font-weight: 400; letter-spacing: normal; orphans: 2; text-align: left; text-decoration: none; text-indent: 0px; text-transform: none; -webkit-text-stroke-width: 0px; white-space: normal; word-spacing: 0px;\">SYSTHEMA (2022a). <a href=\"http:\/\/www.aklink.de\/wpak\/wp-content\/uploads\/2022\/03\/Systhema_1_2022_Inhalt.pdf\" target=\"_blank\" rel=\"noopener noreferrer\">Themenschwerpunkt: Und so wollen wir leben ?! Interdisziplin\u00e4res Forum des IF Weinheim<\/a>. Heft 1-2022. siehe: <a href=\"https:\/\/if-weinheim.de\/systhema\/systhema-2022\/\" target=\"_blank\" rel=\"noopener noreferrer\">Systhema im Internet<\/a><\/span><\/p>\n<p><span style=\"display: inline !important; float: none; background-color: transparent; color: #111111; cursor: text; font-family: 'Lato',Tahoma,Verdana,Arial; font-size: 16px; font-style: normal; font-variant: normal; font-weight: 400; letter-spacing: normal; orphans: 2; text-align: left; text-decoration: none; text-indent: 0px; text-transform: none; -webkit-text-stroke-width: 0px; white-space: normal; word-spacing: 0px;\">SYSTHEMA (2020). <a href=\"http:\/\/www.aklink.de\/wpak\/wp-content\/uploads\/2020\/06\/Systhema_2_2020_Inhalt.pdf\" target=\"_blank\" rel=\"noopener noreferrer\">Heft 2-2020<\/a>. siehe: <a href=\"https:\/\/if-weinheim.de\/systhema\/systhema-2020\/\" target=\"_blank\" rel=\"noopener noreferrer\">Systhema im Internet<\/a><\/span><\/p>\n<p><span style=\"display: inline !important; float: none; background-color: transparent; color: #111111; cursor: text; font-family: 'Lato',Tahoma,Verdana,Arial; font-size: 16px; font-style: normal; font-variant: normal; font-weight: 400; letter-spacing: normal; orphans: 2; text-align: left; text-decoration: none; text-indent: 0px; text-transform: none; -webkit-text-stroke-width: 0px; white-space: normal; word-spacing: 0px;\">SYSTHEMA (2019b). <\/span><a href=\"http:\/\/www.aklink.de\/wpak\/wp-content\/uploads\/2020\/03\/Systhema_3_2019_Inhalt.pdf\" target=\"_blank\" rel=\"noopener noreferrer\">Heft 3-2019<\/a><span style=\"display: inline !important; float: none; background-color: transparent; color: #111111; cursor: text; font-family: 'Lato',Tahoma,Verdana,Arial; font-size: 16px; font-style: normal; font-variant: normal; font-weight: 400; letter-spacing: normal; orphans: 2; text-align: left; text-decoration: none; text-indent: 0px; text-transform: none; -webkit-text-stroke-width: 0px; white-space: normal; word-spacing: 0px;\"> &#8211;\u00a0 zusammen mit Jana Schrage. siehe:\u00a0<\/span><a href=\"http:\/\/www.if-weinheim.de\/systhema\/systhema-2019.html\" target=\"_blank\" rel=\"noopener noreferrer\">Systhema im Internet<\/a><\/p>\n<p><span style=\"display: inline !important; float: none; background-color: transparent; color: #111111; cursor: text; font-family: 'Lato',Tahoma,Verdana,Arial; font-size: 16px; font-style: normal; font-variant: normal; font-weight: 400; letter-spacing: normal; orphans: 2; text-align: left; text-decoration: none; text-indent: 0px; text-transform: none; -webkit-text-stroke-width: 0px; white-space: normal; word-spacing: 0px;\">SYSTHEMA (2019a). <\/span><a href=\"http:\/\/www.aklink.de\/wpak\/wp-content\/uploads\/2019\/07\/Systhema_2_2019_Inhalt.pdf\" target=\"_blank\" rel=\"noopener noreferrer\">Heft 2-2019<\/a><span style=\"display: inline !important; float: none; background-color: transparent; color: #111111; cursor: text; font-family: 'Lato',Tahoma,Verdana,Arial; font-size: 16px; font-style: normal; font-variant: normal; font-weight: 400; letter-spacing: normal; orphans: 2; text-align: left; text-decoration: none; text-indent: 0px; text-transform: none; -webkit-text-stroke-width: 0px; white-space: normal; word-spacing: 0px;\"> &#8211;\u00a0 zusammen mit Jana Schrage. siehe:\u00a0<\/span><a href=\"http:\/\/www.if-weinheim.de\/systhema\/systhema-2019.html\" target=\"_blank\" rel=\"noopener noreferrer\">Systhema im Internet<\/a><\/p>\n<p>SYSTHEMA (2018). <a href=\"http:\/\/www.aklink.de\/wpak\/wp-content\/uploads\/2019\/07\/Systhema_2_2018_Inhalt.pdf\" target=\"_blank\" rel=\"noopener noreferrer\">Heft 2-2018<\/a>. siehe:\u00a0<a href=\"http:\/\/www.if-weinheim.de\/systhema\/systhema-2018.html\" target=\"_blank\" rel=\"noopener noreferrer\">Systhema im Internet<\/a><\/p>\n<p>SYSTHEMA (2017). Themenschwerpunkt: <a href=\"http:\/\/www.aklink.de\/wpak\/wp-content\/uploads\/2018\/01\/Systhema_2_2017_Inhalt.pdf\" target=\"_blank\" rel=\"noopener noreferrer\">Kluge Wege der Vernetzung: Elterliche und Professionelle Pr\u00e4senz<\/a>. Heft 2-2017 &#8211; zusammen mit Jens F\u00f6rster. siehe:\u00a0<a href=\"http:\/\/www.if-weinheim.de\/systhema\/systhema-2017.html\" target=\"_blank\" rel=\"noopener noreferrer\">Systhema im Internet<\/a><\/p>\n<p>SYSTHEMA (2016). Themenschwerpunkt: <a href=\"http:\/\/www.aklink.de\/wpak\/wp-content\/uploads\/2017\/01\/Systhema-3_2016-Inhalt.pdf\" target=\"_blank\" rel=\"noopener noreferrer\">Gefl\u00fcchtete Menschen: Chancen, Resilienzen, Integration<\/a>. Heft 3-2016 &#8211; zusammen mit Jens F\u00f6rster. siehe:\u00a0<a href=\"http:\/\/www.if-weinheim.de\/systhema\/systhema-2016.html\" target=\"_blank\" rel=\"noopener noreferrer\">Systhema im Internet<\/a><\/p>\n<p>Klink, A. &amp; Nickel, A. (Hrsg.) (2014). Wie die Zeit vergeht. Kinder und Jugendliche aus dem Ruhrgebiet erz\u00e4hlen. Vechta: Geest-Verlag. ISBN 978-3-86685-490-1.<\/p>\n<p>SYSTHEMA (2013). Themenschwerpunkt: <a href=\"http:\/\/www.aklink.de\/wpak\/wp-content\/uploads\/2011\/04\/Systhema-3_2013-Vorschau.pdf\" target=\"_blank\" rel=\"noopener noreferrer\">Das Dritte in der Kinder- und Jugendhilfe<\/a>. Heft 3-2013. siehe:\u00a0<a href=\"http:\/\/www.if-weinheim.de\/systhema\/systhema-2013.html\" target=\"_blank\" rel=\"noopener noreferrer\">Systhema im Internet<\/a><\/p>\n<p>Klink, A. &amp; Nickel, A. (Hrsg.) (2013). Dann \u00f6ffnete sich mir die T\u00fcr &#8230; Ein- und Ausblicke von Kindern und Jugendlichen aus dem Ruhrgebiet.Vechta: Geest-Verlag. ISBN 978-3-86685-433-8.<\/p>\n<p>Klink, A. &amp; Nickel, A. (Hrsg.) (2012). Wenn Wasser erz\u00e4hlt \u0085: Texte junger Autoren. Vechta: Geest-Verlag. ISBN 978-3866853836.<\/p>\n<p>Klink, A. &amp; Nickel, A.\u00a0(Hrsg.) (2011). Zwischen meinen Welten unterwegs: Neue Texte von Kindern und Jugendlichen aus dem Ruhrgebiet. Vechta: Geest-Verlag. ISBN 978-3866853218.<\/p>\n<p>Klink, A. &amp; Nickel, A.\u00a0(Hrsg.) (2010). M\u00e4rchenhaftes zwischen Emscher und Ruhr: Kinder und Jugendliche erz\u00e4hlen. Vechta: Geest-Verlag. ISBN 978-3866852617.<\/p>\n<p>Klink, A. &amp; Nickel, A.\u00a0(Hrsg.) (2009). Ruhrkulturen: Was ich dir aus meiner Welt erz\u00e4hlen m\u00f6chte. Vechta: Geest-Verlag. ISBN 978-3866852020.<\/p>\n<p>Klink, A. &amp; Nickel, A.\u00a0(Hrsg.) (2008). Pfade ins Revier &#8211; Pfade im Revier: Ein Lesebuch. Vechta: Geest-Verlag. ISBN 978-3866851481.<\/p>\n<p>Klink, A. &amp; Nickel, A.\u00a0(Hrsg.) (2007). Heute ist Zeit f\u00fcr deine Tr\u00e4ume: Ein Lesebuch. Vechta: Geest-Verlag. ISBN 978-3866850989.<\/p>\n<p>&#8230;<\/p>\n<h5><span style=\"text-decoration: underline;\">Artikel &#8211; Buchkapitel &#8211; Berichte<\/span><\/h5>\n<p>Klink, A. (2025). <a href=\"http:\/\/www.aklink.de\/wpak\/wp-content\/uploads\/2025\/11\/Systhema-3-2025-Klink.pdf\" target=\"_blank\" rel=\"noopener\">Die Kraft des WIR &#8211; Ein Res\u00fcmee und Anmerkungen zur Keynote von Natalie Knapp im Rahmen der Tagung \u201eZuversicht und Zumutung\u201c des IF Weinheim<\/a>. Systhema 39(3), S. 233-239.<\/p>\n<p>Klink, A. (2024). <a href=\"http:\/\/www.aklink.de\/wpak\/wp-content\/uploads\/2024\/06\/Systhema-1_2024-Klink.pdf\" target=\"_blank\" rel=\"noopener\">50 Jahre IF Weinheim im Spiegel der systhema<\/a>. Systhema 38(1), S. 61-83.<\/p>\n<p>Goldstein, P., Klink, A. (2024). <a href=\"http:\/\/www.aklink.de\/wpak\/wp-content\/uploads\/2024\/06\/Systhema-1_2024-Goldstein-und-Klink.pdf\" target=\"_blank\" rel=\"noopener\">Es wird erst vorbei sein, wenn wir reden<\/a>. Systhema 38(1), S. 46-57.<\/p>\n<p>Sch\u00f6ler, L., Gsella, C, Klink, A. (2024). <a href=\"http:\/\/www.aklink.de\/wpak\/wp-content\/uploads\/2024\/06\/Systhema-1_2024-Schoeler-Gsella-Klink.pdf\" target=\"_blank\" rel=\"noopener\">Mobilitea \u2013 Let\u2019s get together<\/a>. Systhema 38(1), S. 21-27.<\/p>\n<p>Klink, A. (2023). <a href=\"http:\/\/www.aklink.de\/wpak\/wp-content\/uploads\/2024\/04\/Systhema-2_2023-Klink.pdf\" target=\"_blank\" rel=\"noopener\">Chat GPT \u2013 Ein Selbstversuch in drei Akten<\/a>. Systhema 37(2), S. 231-247.<\/p>\n<p>Klink, A., Ignaczak, A.\u00a0 (2023). <a href=\"http:\/\/www.aklink.de\/wpak\/wp-content\/uploads\/2024\/04\/Systhema-2_2023-Klink_und_Ignaczak.pdf\" target=\"_blank\" rel=\"noopener\">Schule und Kriminalpr\u00e4vention<\/a>. Systhema 37(2), S. 206-219.<\/p>\n<p>Klink, A. (2023). Kinderschutz in kriminalpr\u00e4ventiven Netzwerken. In Birgit Averbeck, Filip Caby, Bj\u00f6rn Enno Hermans, Ansgar R\u00f6hrbein ( Hrsg.). <a href=\"https:\/\/www.vandenhoeck-ruprecht-verlage.com\/media\/pdf\/f5\/5f\/b1\/9783647408118_sample.pdf\" target=\"_blank\" rel=\"noopener\"><em>Kooperation im Kinderschutz. Handbuch f\u00fcr eine systemische Praxis<\/em><\/a><strong><em>. <\/em><\/strong><em>S. 327-339. <\/em>G\u00f6ttingen: Vandenhoeck &amp; Ruprecht.<\/p>\n<p>Klink, A. (2022b). <a href=\"http:\/\/www.aklink.de\/wpak\/wp-content\/uploads\/2023\/03\/Andreas-Klink-Migration-Identitaet-und-Resilienz.pdf\" target=\"_blank\" rel=\"noopener\">Migration, Identit\u00e4t und Resilienz<\/a>. Systhema 36(2), S. 112-127.<\/p>\n<p>Klink, A. (2022a). <a href=\"http:\/\/www.aklink.de\/wpak\/wp-content\/uploads\/2023\/03\/Andreas-Klink-Zwei-Jahre-Pandemie.pdf\" target=\"_blank\" rel=\"noopener\">Zwei Jahre Pandemie: Erfahrungen aus einer ambulanten Jugendhilfeeinrichtung<\/a>. Systhema 36(1), S. 74-81.<\/p>\n<p>Klink, A. (2020). <a href=\"http:\/\/www.aklink.de\/wpak\/systhema-2_2020-klink\/\" target=\"_blank\" rel=\"noopener noreferrer\">Revierdemokraten \u2013 Stadtteilbezogene Interventionen im Umgang mit Erscheinungsformen gruppenbezogener Menschenfeindlichkeit<\/a>. Systhema 34(2), S. 160-172.<\/p>\n<p>Klink, A., von Schlippe, A., Molter, H., Buchta, H.\u00a0 und Loth, W. (2020). <a href=\"http:\/\/www.aklink.de\/wpak\/wp-content\/uploads\/2022\/06\/Andreas-Klink-et-al-Interview-100-Mal-systhema.pdf\" target=\"_blank\" rel=\"noopener\">100 Mal systhema oder die Liebe zwischen Wespe und Orchidee<\/a>. Systhema 34(2), S. 214-232.<\/p>\n<p>Klink, A. (2019). <a href=\"http:\/\/www.aklink.de\/wpak\/wp-content\/uploads\/2020\/03\/Andreas-Klink-Entscheidungsfindung-intensivieren.pdf\" target=\"_blank\" rel=\"noopener noreferrer\">Entscheidungsfindung intensivieren<\/a>. Systhema 33(3), S. 267-269.<\/p>\n<p>Klink, A. (2017). <a href=\"http:\/\/www.aklink.de\/wpak\/wp-content\/uploads\/2018\/01\/Systhema-Screen-Klink-2017.pdf\" target=\"_blank\" rel=\"noopener noreferrer\">30 Jahre Systhema<\/a>. Systhema 31(3), S. 245-253.<\/p>\n<p>Klink, A. &amp; R\u00fcth, T. (2017). <a href=\"http:\/\/www.aklink.de\/wpak\/wp-content\/uploads\/2021\/03\/Systhema_2_2017_Klink_Rueth.pdf\" target=\"_blank\" rel=\"noopener noreferrer\">B\u00fcndnisse in kriminalpr\u00e4ventiven Netzwerken.<\/a>. Systhema 31(2), S. 147-161.<\/p>\n<p>Lochmann, M. &amp; Klink, A. (2016). <a href=\"http:\/\/www.aklink.de\/wpak\/wp-content\/uploads\/2017\/01\/Systhema-2016-Lochmann-Klink.pdf\" target=\"_blank\" rel=\"noopener noreferrer\">newland \u2013 interkulturelles Zusammenleben gestalten in einer Clearingstelle f\u00fcr unbegleitete minderj\u00e4hrige Fl\u00fcchtlinge. <\/a>. Systhema 30(3), S. 233-246.<\/p>\n<p>Klink, A. (2014). <a href=\"http:\/\/www.aklink.de\/wpak\/wp-content\/uploads\/2015\/01\/Systhema-2014-Klink.pdf\" target=\"_blank\" rel=\"noopener noreferrer\">Kooperation und Ambivalenz in Pflichtkontexten in der ambulanten Jugendhilfe. <\/a>. Systhema 28(3), S. 279-287.<\/p>\n<p>Klink, A. (2013). <a href=\"http:\/\/www.aklink.de\/wpak\/wp-content\/uploads\/2013\/12\/Systhema-2013-Klink.pdf\" target=\"_blank\" rel=\"noopener noreferrer\">M\u00fcssen, d\u00fcrfen, sollen, wollen, k\u00f6nnen \u2013 systemische Perspektiven auf sogenannte \u201eZwangskontexte\u201c in der ambulanten Kinder- und Jugendhilfe<\/a>. Systhema 27(3), S. 223-238.<\/p>\n<p>Klink, A, &amp; R\u00fcth, T. (2011).\u00a0<a href=\"https:\/\/ris.essen.de\/sdnetrim\/UGhVM0hpd2NXNFdFcExjZYcacG2MyQWGokkxWz_lwLzUrcalbb0HR93rgoef7JQE\/Anlage_1_Sachstandsbericht.pdf\" target=\"_blank\" rel=\"noopener noreferrer\">Aufsuchende Befragung Essen\u00ad Altenessen: Ergebnisbericht\u00a0\u2010 Kurzzusammenfassung, Einsch\u00e4tzungen und Handlungsempfehlungen<\/a>. Jugendhilfe Netzwerk Essen\u2010Nord. AWO Kreisverband Essen.<\/p>\n<p>Klink, A. (2008). <a href=\"http:\/\/www.aklink.de\/wpak\/wp-content\/uploads\/2020\/06\/Pfade-ins-Revier-Pfade-im-Revier-Geschichte-und-Geschichten.pdf\" target=\"_blank\" rel=\"noopener noreferrer\">Pfade ins Revier, Pfade im Revier: Geschichte und Geschichten<\/a>. In Klink, A. &amp; Nickel, A. (Hrsg.) Pfade ins Revier &#8211; Pfade im Revier: Ein Lesebuch. (S. 229-244) Vechta: Geest-Verlag.<\/p>\n<p>Klink, A. (2001). Qualit\u00e4tsdiskussion und -kriterien in der Erwachsenenbildung. In Landeszentrum f\u00fcr Zu\u00adwan\u00ad\u00adderung NRW (Hrsg.). <em>Interkulturelle und antirassistische Trainings &#8211; aber wie ? Konzepte, Qualit\u00e4ts\u00adkriterien und Evaluationsm\u00f6glichkeiten. <\/em>(S. 85-88) Solingen: Landeszentrum f\u00fcr Zuwanderung NRW.<\/p>\n<p>Mummendey, A., Klink, A., &amp; Brown, R. (2001). <a href=\"http:\/\/onlinelibrary.wiley.com\/doi\/10.1348\/014466601164740\/abstract\" target=\"_blank\" rel=\"noopener noreferrer\">Nationalism and Patriotism: National identification and outgroup rejection<\/a>. <em>British Journal of Social Psychology, 40, <\/em>159-172<em>. <\/em><\/p>\n<p>Mummendey, A., Klink, A., &amp; Brown, R. (2001). A rejoinder to our critics and some of their misapprehension. <em>British Journal of Social Psychology, 40, <\/em>187-191<em>. <\/em><\/p>\n<p>Klink, A. &amp; Wagner, U. (1999). <a href=\"http:\/\/onlinelibrary.wiley.com\/doi\/10.1111\/j.1559-1816.1999.tb01394.x\/abstract\" target=\"_blank\" rel=\"noopener noreferrer\">Discrimination of ethnic minorities in Germany: Going back to the field<\/a>. <em>Journal of Applied Social Psychology, 29, <\/em>402-423.<\/p>\n<p>Mummendey, A., Kessler, T., Klink, A. &amp; Mielke, R. (1999). <a href=\"http:\/\/www.google.de\/url?sa=t&amp;rct=j&amp;q=&amp;esrc=s&amp;source=web&amp;cd=1&amp;ved=0CDkQFjAA&amp;url=http%3A%2F%2Fwww.psych.uw.edu.pl%2Fjasia%2Fmummendey.pdf&amp;ei=CUXcUqOzM8SNtQaTr4GQDg&amp;usg=AFQjCNEwEPpWWQtCuRH4TPYAWN3xYxp8AA&amp;bvm=bv.59568121,d.Yms\" target=\"_blank\" rel=\"noopener noreferrer\">Strategies to cope with negative social identity: Predictions by Social Identity Theory and Relative Deprivation Theory.<\/a> <em>Journal of Personality and Social Psychology, 76, 223-232<\/em>.<\/p>\n<p>Mummendey, A., Klink, A., Mielke, R., Wenzel, M. &amp; Blanz, M. (1999). <a href=\"https:\/\/onlinelibrary.wiley.com\/doi\/pdf\/10.1002\/(SICI)1099-0992(199903\/05)29:2\/3%3C259::AID-EJSP927%3E3.0.CO;2-F\" target=\"_blank\" rel=\"noopener noreferrer\">Socio-structural characteristics of intergroup relations and identity management strategies: Results from a field study in East Germany<\/a>. <em>European Journal of Social Psychology, <\/em>29<em>, 259-285<\/em>.<\/p>\n<p>Kessler, Th., Mummendey, A. &amp; Klink, A. (1999). <a href=\"https:\/\/link.springer.com\/chapter\/10.1007%2F978-3-322-95080-2_9\" target=\"_blank\" rel=\"noopener\">Soziale Identit\u00e4t und relative Deprivation: Determinanten individuellen und kollektiven Verhaltens. <\/a>. In M. Schmitt &amp; L. Montada ( Hrsg.). <em>Gerechtigkeitserleben und Befindlichkeit im wiedervereinigten Deutschland<\/em>. (S. 213-262) Opladen: Leske &amp; Budrich.<\/p>\n<p>Klink, A., Mummendey, A. &amp; Mielke, R. (1998). Stability and change in intergroup relations: A longitudinal field study in East Germany. In M. Martini (Ed.), Ethnic and national consciousness in Europe (p. 93-108). Firenze: Angelo Pontecorboli Editore.<\/p>\n<p>Klink, A., Hamberger, J., Hewstone, M. &amp; Avci, M. (1998). Kontakte zwischen sozialen Gruppen als Mittel zur Reduktion von Aggression und Gewalt: Sozialpsychologische Theorien und ihre Anwendung in der Schule. In H. W. Bierhoff &amp; U. Wagner (Hg.), <em>Aggression und Gewalt<\/em>. (S. 280-306). Stuttgart: Kohlhammer.<\/p>\n<p>Blanz, M., Mummendey, A., Mielke, R. &amp; Klink, A. (1998). <a href=\"https:\/\/onlinelibrary.wiley.com\/doi\/abs\/10.1002\/%28SICI%291099-0992%28199809\/10%2928%3A5%3C697%3A%3AAID-EJSP889%3E3.0.CO%3B2-%23\" target=\"_blank\" rel=\"noopener\">Responding to negative social identity: A taxonomy of identity management strategies<\/a>. <em>European Journal of Social Psychology, 28, <\/em>697-729<em>. <\/em><\/p>\n<p>Blanz, M., Mummendey, A., Mielke, R. &amp; Klink, A. (1998). <a href=\"https:\/\/psycnet.apa.org\/record\/1998-12121-003\" target=\"_blank\" rel=\"noopener\">Wechselseitige Differenzierung zwischen sozialen Gruppen: Ein Vorhersagemodell der Theorie der sozialen Identit\u00e4t <\/a>. Z<em>eitschrift f\u00fcr Sozialpsychologie, 19(3)<\/em>, 239-259.<\/p>\n<p>Klink, A. (1997). <em>Homogenit\u00e4tsurteile zwischen sozialen Gruppen. Determinanten von Ingroup- und Outgroup-Homogenit\u00e4t (Europ\u00e4ische Hochschulschriften Bd. 572).<\/em> Dissertation. Frankfurt: Verlag Peter Lang.<\/p>\n<p>Hewstone, M. &amp; Klink, A. (1994). Intergruppenattribution. In F. F\u00f6rsterling &amp; J. Stiensmeier-Pelster (Hg.), <em>Attributionstheorie: Grundlagen und Anwendungen<\/em> (S. 73-104). G\u00f6ttingen: Hogrefe.<\/p>\n<p>Heinemann, W. &amp; Klink, A. (1991). M\u00f6glichkeiten und Risiken aktivierender Pflege durch sinnvolle Tagesstrukturierung: eine Evaluationsstudie. In K. Landau (Hg.), <em>Arbeitsbedingungen im Krankenhaus und Heim<\/em> (S. 250-264). M\u00fcnchen: Bayerisches Staatsministerium f\u00fcr Arbeit, Famile und Sozialordnung.<\/p>\n<p>Heinemann W, Kramer H, Machleit U, Waldbauer U, Wendel B, Gross A, Klink A, B\u00f6hm E &amp; Hellwig H. (1989). Aktivierende Pflege auf kontrolltheoretischer Grundlage: Sozialpsychologie in der Altenhilfe. In D. Kleiber &amp; D. Filsinger (Hg.), <em>Altern &#8211; bew\u00e4ltigen und helfen<\/em> (S. 101-117). Heidelberg: Asanger.<\/p>\n<p><span style=\"text-decoration: underline;\">Arbeitsberichte<\/span><\/p>\n<p>Klink, A., Mummendey, A., Kessler, T., Lei\u00dfe, U.K. &amp; Waldzus, S. (1999). Stabilit\u00e4t und Ver\u00e4nderung der Beziehung zwischen sozialen Gruppen. Eine L\u00e4ngsschnittstudie in Ost- und Westdeutschland. <em>Forschungsberichte des Lehrstuhls Sozialpsychologie<\/em>. Jena: Friedrich-Schiller-Universit\u00e4t.<\/p>\n<p>Klink, A., Mummendey, A., Mielke, R. &amp; Blanz, M. (1997). A multicomponent approach to group identification: Results from a field study in East Germany.\u00a0 Forschungsberichte des Lehrstuhls Sozialpsychologie (Nr. 10; Dezember 1997). Jena: Friedrich-Schiller-Universit\u00e4t.<\/p>\n<p>Mummendey, A., Klink, A., Mielke, R., Wenzel, M. &amp; Blanz, M. (1997). Socio-structural characteristics of intergroup relations and identity management strategies: Results from a field study in East German. Forschungsberichte des Lehrstuhls Sozialpsychologie (Nr. 8; September 1997). Jena: Friedrich-Schiller-Universit\u00e4t.<\/p>\n<p>Kessler, T., Mummendey, A. &amp; Klink, A. (1997). Soziale Identit\u00e4t und relative Deprivation: Determinanten individuellen und kollektiven Verhaltens. Forschungsberichte des Lehrstuhls Sozialpsychologie (Nr. 7; August 1997). Jena: Friedrich-Schiller-Universit\u00e4t.<\/p>\n<p>Mummendey, A., Kessler, T., Klink, A. &amp; Mielke, R. (1997). Strategies to cope with negative social identity: Predictions by Social Identity Theory and Relative Deprivation Theory. Forschungsberichte des Lehrstuhls Sozialpsychologie (Nr. 6; August 1997). Jena: Friedrich-Schiller-Universit\u00e4t.<\/p>\n<p>Klink, A., Mummendey, A. &amp; Mielke, R. (1996). Stabilit\u00e4t und Ver\u00e4nderung der Beziehung zwischen sozialen Gruppen. Eine L\u00e4ngsschnittstudie in Ost- und Westdeutschland. <em>Berichte aus dem Psychologischen Institut IV<\/em> (Dezember 1996). M\u00fcnster: Universit\u00e4t M\u00fcnster.<\/p>\n<p>Mummendey, A., Mielke, R., Blanz, M., Klink, A. &amp; Wenzel, M. (1995). Strategies to cope with negative social identity: Predictions by Social Identity Theory and Relative Deprivation Theory. <em>Berichte aus dem Psychologischen Institut IV<\/em> (Juni, 1995). M\u00fcnster: Universit\u00e4t M\u00fcnster.<\/p>\n<p>Blanz, M., Mummendey, A., Mielke, R., Haeger, G., Kanning, U. P. &amp; Klink, A. (1995). Social and temporal comparisons in inferior and superior groups: A field study in East and West Germany. <em>Berichte aus dem Psychologischen Institut IV<\/em> (Mai 1995). M\u00fcnster: Universit\u00e4t M\u00fcnster.<\/p>\n<p>Haeger, G., Mummendey, A., Mielke, R., Wenzel, M., Kanning, U. P., Blanz, M. &amp; Klink, A. (1995). Zum Zusammenhang von negativer sozialer Identit\u00e4t und Vergleichen zwischen Personen und Gruppen: Eine Felduntersuchung in Ostdeutschland. <em>Berichte aus dem Psychologischen Institut IV<\/em> (April 1995). M\u00fcnster: Universit\u00e4t M\u00fcnster.<\/p>\n<p>Mummendey, A., Mielke, R., Wenzel, M., Klink, A., Blanz, M., Kanning, U. P. &amp; Haeger, G. (1995). Socio-structural characteristics of intergroup relations and identity management strategies: A field study in East Germany of 1992. <em>Berichte aus dem Psychologischen Institut IV<\/em> (Februar, 1995). M\u00fcnster: Universit\u00e4t M\u00fcnster.<\/p>\n<p>Blanz, M., Mummendey, A., Mielke, R., Wenzel, M., Klink, A., Kanning, U. P. &amp; Haeger, G. (1995). Strategic responses to negative social identity: An empirical systematization of field data. <em>Berichte aus dem Psychologischen Institut IV<\/em> (Januar 1995). M\u00fcnster: Universit\u00e4t M\u00fcnster.<\/p>\n<p>Klink, A., Mummendey, A., Mielke, R., Wenzel, M., Kanning, U. P., Blanz, M. &amp; Haeger, G. (1994). A multicomponent approach to group identification: Results from a field study in East Germany. <em>Berichte aus dem Psychologischen Institut IV<\/em> (Dezember, 1994). M\u00fcnster: Universit\u00e4t M\u00fcnster.<\/p>\n<p>Klink, A. (1993). <em>&#8222;Hier sein geschlossene Gesellschaft heute!&#8220; &#8211; Feldexperimente zur allt\u00e4glichen Diskriminierung von Ausl\u00e4ndern und Ausl\u00e4nderinnen in Deutschland.<\/em> Forschungsbericht: Ruhr-Universit\u00e4t Bochum.<\/p>\n<p><span style=\"text-decoration: underline;\">Wissenschaftliche Vortr\u00e4ge<\/span><\/p>\n<p>Klink, A., Mummendey, A. &amp; Kessler, T. (1999). Reaktionen von Mitgliedern \u00fcberlegener und unterlegener Gruppen in einem Vereinigungsprozess. <em>Vortrag auf der 7. Tagung der Fachgruppe Sozialpsychologie vom 11.-13. Juni in Kassel<\/em>. Jena: Universit\u00e4t Jena.<\/p>\n<p>Mielke; R. Mummendey, A., Klink, A. &amp; Leisse, U. (1999). Soziodemographische Merkmale in statusdiskrepanten Gruppen: Gibt es alters- und bildungstypische Interpretationen von Intergruppenbeziehungen? <em>Vortrag auf der 7. Tagung der Fachgruppe Sozialpsychologie vom 11.-13. Juni in Kassel<\/em>. Jena: Universit\u00e4t Jena.<\/p>\n<p>Mummendey, A., Klink, A., Brown, R. &amp; Simon, B. (1998). Nationalism and Patriotism: National identification and outgroup rejection. Conference on Societal Psychology in Warschau, Polen vom 15.10. bis 19.10.1998.<\/p>\n<p>Klink, A., Mummendey, A., Kessler, T., Lei\u00dfe, U.K. &amp; Waldzus, S. (1998). Stabilit\u00e4t und Ver\u00e4nderung der Beziehung zwischen sozialen Gruppen. Eine L\u00e4ngsschnittstudie in Ost- und Westdeutschland. 41. Kongress der Deutschen Gesellschaft f\u00fcr Psychologie in Dresden vom 27.9. bis 1.10. 1998.<\/p>\n<p>Kessler, T. Lei\u00dfe, U.K., Mummendey, A., Klink, A. &amp; Waldzus, S. (1998). Reaktionen auf Ungerechtig\u00adkeitserleben. Ergebnisse einer L\u00e4ngsschnittuntersuchung der deutschen Vereinigung. 41. Kon\u00adgress der Deutschen Gesellschaft f\u00fcr Psychologie in Dresden vom 27.9. bis 1.10. 1998.<\/p>\n<p>Lei\u00dfe, U.K., Mummendey, A., Kessler, T., Klink, A. &amp; Waldzus, S. (1998). Selbstkategorisierung und sozialer Vergleich. 41. Kon\u00adgress der Deutschen Gesellschaft f\u00fcr Psychologie in Dresden vom 27.9. bis 1.10. 1998.<\/p>\n<p>Waldzus, S., Mummendey, A., Kessler, T., Klink, A. &amp; Lei\u00dfe, U.K. (1998). Die Aufrechterhaltung posi\u00adtiver sozialer Identit\u00e4t bei Ost- und Westdeutschen: Qualitative Daten. 41. Kon\u00adgress der Deutschen Gesellschaft f\u00fcr Psychologie in Dresden vom 27.9. bis 1.10. 1998.<\/p>\n<p>Mummendey, A., Klink, A., Simon, B. &amp; Brown, R. (1998). Nationalism and Patriotism: National identification and outgroup rejection. Annual BPS Social Psychology Section Conference in Canterbury \/ Kent, England vom 21.9. bis 23.9.1998.<\/p>\n<p>Kessler, T. &amp; Klink, A. (1998). Identit\u00e4tssuche im Umbruch. Zum Ost-West-Verh\u00e4ltnis. <em>Eingeladener Vortrag im Rahmen des Wissenschaftlichen Fortbildungskurses &#8222;Deutsch als Fremdsprache &#8211; Verst\u00e4ndigung und kulturelle Kontakte durch Sprache&#8220;. Institut f\u00fcr Auslandsgermanistik. Friedrich-Schiller-Universit\u00e4t Jena. (26. Januar 1998) <\/em><\/p>\n<p>Klink, A. (1997). &#8222;Soziale Identit\u00e4t&#8220;: Anmerkungen aus sozialpsychologischer Sicht. <em>Eingeladener Vortrag auf dem Studientag der katholischen Akademie &#8222;Die Wolfsburg&#8220; zum Thema &#8222;Christen und Muslime in Deutschland zwischen Anspruch und Verunsicherung&#8220; in M\u00fclheim\/Ruhr (15. November 1997) <\/em><\/p>\n<p>Klink, A. (1997). Homogenit\u00e4tsurteile zwischen sozialen Gruppen: Determinanten von Ingroup- und Outgroup-Homogenit\u00e4t. <em>Eingeladener Vortrag an der Ruhr-Universit\u00e4t Bochum (21. Novermber 1997<\/em>)<\/p>\n<p>Klink, A. (1997). Homogenit\u00e4tsurteile zwischen sozialen Gruppen: Determinanten von Ingroup- und Outgroup-Homogenit\u00e4t. <em>Vortrag auf der 6. Tagung der Fachgruppe Sozialpsychologie vom 20.-22. Juni in Konstanz<\/em>. Jena: Universit\u00e4t Jena.<\/p>\n<p>Kessler, T., Mummendey, A., Klink, A. &amp; Mielke, R. (1997). Relative Deprivation und Soziale Idenit\u00e4t: Eine L\u00e4ngsschnittstudie zur ost-westdeutschen Vereinigung. <em>Vortrag auf dem 6. Tagung der Fachgruppe Sozialpsychologie vom 20.-22. Juni in Konstanz<\/em>. Jena: Universit\u00e4t Jena.<\/p>\n<p>Klink, A. (1997). Homogeneity judgements among social groups: Determinants of Ingroup and Outgroup-Homogeneity. <em>Eingeladener Vortrag an der Universit\u00e4t von Louvain-la-Neuve, Belgien <\/em>(6. Juni). Jena: Universit\u00e4t Jena.<\/p>\n<p>Mummendey, A., Mielke, R., Klink, A., Blanz, M. &amp; Kessler, T. (1997). Strategies to cope with negative social identity: Towards an integration of Social Identity Theory and Relative Deprivation Theory. <em>Vortrag auf dem 5. <\/em><em>Workshop zum &#8222;Social Identity Approach&#8220; vom 19.-21. <\/em><em>M\u00e4rz in M\u00fcnster<\/em>. M\u00fcnster: Universit\u00e4t M\u00fcnster.<\/p>\n<p>Klink, A., Mummendey, A. &amp; Mielke, R. (1996). Stabilit\u00e4t und Ver\u00e4nderung der Beziehung zwischen sozialen Gruppen. Eine L\u00e4ngsschnittstudie in Ost- und Westdeutschland. <em>Vortrag auf dem 40. Kongre\u00df der Deutschen Gesellschaft f\u00fcr Psychologie vom 22.-26. September in M\u00fcnchen<\/em>. M\u00fcnster: Universit\u00e4t M\u00fcnster.<\/p>\n<p>Klink, A. &amp; Wagner, U. (1995). Felduntersuchungen zur allt\u00e4glichen Diskriminierung von Ausl\u00e4nderInnen. <em>Vortrag auf der 8. Tagung Friedenspsychologie vom 9.-11. Juni in Marburg<\/em>. M\u00fcnster: Universit\u00e4t M\u00fcnster.<\/p>\n<p>Klink, A. &amp; Wagner, U. (1995). Allt\u00e4gliche Diskriminierungen von Ausl\u00e4ndern und Ausl\u00e4nderinnen in Deutschland: Eine feldexperimentelle Exploration. <em>Vortrag auf der 37. Tagung experimentell arbeitender Psychologen<\/em> (TEAP) vom 9.-13. April in Bochum. M\u00fcnster: Universit\u00e4t M\u00fcnster.<\/p>\n<p>Klink, A. (1994). &#8222;Hier sein geschlossene Gesellschaft heute !&#8220; &#8211; Feldexperimente zur allt\u00e4glichen Diskriminierung von Ausl\u00e4ndern in Deutschland. <em>Vortrag auf dem 39. Kongre\u00df der Deutschen Gesellschaft f\u00fcr Psychologie vom 25.-29. September in Hamburg<\/em>. M\u00fcnster: Universit\u00e4t M\u00fcnster.<\/p>\n<p>Mielke, R., Mummendey, A., Wenzel, M., Klink, A. &amp; Kanning, U. P. (1994). Soziale Vergleiche und Bew\u00e4ltigungsstrategien &#8222;negativer&#8220; sozialer Identit\u00e4t. <em>Vortrag auf dem 39. Kongre\u00df der Deutschen Gesellschaft f\u00fcr Psychologie vom 25.-29. September in Hamburg<\/em>. M\u00fcnster: Universit\u00e4t M\u00fcnster.<\/p>\n<p>Klink, A. (1994). Homogenit\u00e4tsurteile zwischen sozialen Gruppen: Die Rolle der Identifikation mit der Eigengruppe. <em>Vortrag auf dem zweiten Doktorandenworkshop &#8222;Sozialpsychologie&#8220; an der Universit\u00e4t Gie\u00dfen<\/em> (25.-28. August). M\u00fcnster: Universit\u00e4t M\u00fcnster.<\/p>\n<p>Mummendey, A., Mielke, R., Wenzel, M. &amp; Klink, A. (1994). Ingroup structure, relative deprivation and coping with negative social identity: what predicts which strategy. <em>Vortrag auf dem 2. <\/em><em>Workshop zum &#8222;Social Identity Approach&#8220; vom 21.-22. <\/em><em>Februar in <\/em>M\u00fcnster: Universit\u00e4t M\u00fcnster.<\/p>\n<p>Wagner, U., Zick, A., Klink, A. &amp; Schneider, S. (1993). Prejudice and aggressiveness against foreigners in West- and East-Germany. <em>Vortrag auf dem 10. <\/em><em>General Meeting der European Association of Experimental Social Psychology vom 16. -19. <\/em><em>September in Lissabon, Portugal<\/em>.<\/p>\n<p>Klink, A., Avci, M. &amp; Wagner, U. (1993). Ingroup Identifikation und Homogenit\u00e4t. <em>Vortrag auf der Fachtagung Sozialpsychologie der Deutschen Gesellschaft f\u00fcr Psychologie vom 24.-26.06.93 in Bern, Schweiz<\/em>.<\/p>\n<p>Schneider, S., Klink, A., Zick, A. &amp; Wagner. (1993). Ausl\u00e4nderfeindlichkeit und Gewaltbereitschaft bei ost- und westdeutschen Sch\u00fclerinnen und Sch\u00fclern. <em>Vortrag auf der Fachtagung Sozialpsychologie der Deutschen Gesellschaft f\u00fcr Psychologie vom 24.-26.06.93 in Bern, Schweiz<\/em>. Bochum: Ruhr-Universit\u00e4t Bochum.<\/p>\n<p>Klink, A. (1992). Der Einflu\u00df von Gruppenzugeh\u00f6rigkeit im Rahmen des Ansatzes zur &#8217;social judegeability&#8216; der Arbeitsgruppe um Jacques-Philippe Leyens. <em>Vortrag auf dem ersten Doktorandenworkshop &#8222;Sozialpsychologie&#8220; an der Universit\u00e4t Jena<\/em> (27.-29. Mai). Louvain-la-Neuve, Belgien: Universit\u00e9 Catholique de Louvain.<\/p>\n<p>Klink, A. (1992). The influence of group membership on social judgeability &#8211; Part 1: The case of outgroup homogeneity. <em>Vortrag an der Universit\u00e4t von Kent, Canterbury <\/em>(6. Mai). Louvain-la-Neuve, Belgien: Universit\u00e9 Catholique de Louvain.<\/p>\n<\/div>\n","protected":false},"excerpt":{"rendered":"<p>B\u00fccher &#8211; Zeitschriften SYSTHEMA (2025b). Heft 3-2025. siehe: Systhema im Internet SYSTHEMA (2025a). Heft 2-2025. siehe: Systhema im Internet SYSTHEMA (2024b). Heft 2-2024. siehe: Systhema im Internet SYSTHEMA (2024a). Heft 1-2024. siehe: Systhema im Internet SYSTHEMA (2023). Themenschwerpunkt: Systemisches Arbeiten im Kontext Schule. Heft 2-2023. siehe: Systhema im Internet SYSTHEMA (2022b). Heft 2-2022. siehe: Systhema im Internet SYSTHEMA (2022a). Themenschwerpunkt:<\/p>\n","protected":false},"author":1,"featured_media":0,"parent":62,"menu_order":5,"comment_status":"closed","ping_status":"open","template":"","meta":{"footnotes":""},"class_list":["post-91","page","type-page","status-publish","hentry"],"yoast_head":"<!-- This site is optimized with the Yoast SEO plugin v26.4 - https:\/\/yoast.com\/wordpress\/plugins\/seo\/ -->\n<title>Publikationen | Andreas Klink<\/title>\n<meta name=\"robots\" content=\"index, follow, max-snippet:-1, max-image-preview:large, max-video-preview:-1\" \/>\n<link rel=\"canonical\" href=\"http:\/\/www.aklink.de\/wpak\/zur-person\/publikationen\/\" \/>\n<meta property=\"og:locale\" content=\"de_DE\" \/>\n<meta property=\"og:type\" content=\"article\" \/>\n<meta property=\"og:title\" content=\"Publikationen | Andreas Klink\" \/>\n<meta property=\"og:description\" content=\"B\u00fccher &#8211; Zeitschriften SYSTHEMA (2025b). Heft 3-2025. siehe: Systhema im Internet SYSTHEMA (2025a). Heft 2-2025. siehe: Systhema im Internet SYSTHEMA (2024b). Heft 2-2024. siehe: Systhema im Internet SYSTHEMA (2024a). Heft 1-2024. siehe: Systhema im Internet SYSTHEMA (2023). Themenschwerpunkt: Systemisches Arbeiten im Kontext Schule. Heft 2-2023. siehe: Systhema im Internet SYSTHEMA (2022b). Heft 2-2022. siehe: Systhema im Internet SYSTHEMA (2022a). Themenschwerpunkt:\" \/>\n<meta property=\"og:url\" content=\"http:\/\/www.aklink.de\/wpak\/zur-person\/publikationen\/\" \/>\n<meta property=\"og:site_name\" content=\"Andreas Klink\" \/>\n<meta property=\"article:modified_time\" content=\"2025-11-29T21:54:20+00:00\" \/>\n<meta name=\"twitter:card\" content=\"summary_large_image\" \/>\n<meta name=\"twitter:label1\" content=\"Gesch\u00e4tzte Lesezeit\" \/>\n\t<meta name=\"twitter:data1\" content=\"14\u00a0Minuten\" \/>\n<script type=\"application\/ld+json\" class=\"yoast-schema-graph\">{\"@context\":\"https:\/\/schema.org\",\"@graph\":[{\"@type\":\"WebPage\",\"@id\":\"http:\/\/www.aklink.de\/wpak\/zur-person\/publikationen\/\",\"url\":\"http:\/\/www.aklink.de\/wpak\/zur-person\/publikationen\/\",\"name\":\"Publikationen | Andreas Klink\",\"isPartOf\":{\"@id\":\"http:\/\/www.aklink.de\/wpak\/#website\"},\"datePublished\":\"2011-04-24T00:13:13+00:00\",\"dateModified\":\"2025-11-29T21:54:20+00:00\",\"breadcrumb\":{\"@id\":\"http:\/\/www.aklink.de\/wpak\/zur-person\/publikationen\/#breadcrumb\"},\"inLanguage\":\"de\",\"potentialAction\":[{\"@type\":\"ReadAction\",\"target\":[\"http:\/\/www.aklink.de\/wpak\/zur-person\/publikationen\/\"]}]},{\"@type\":\"BreadcrumbList\",\"@id\":\"http:\/\/www.aklink.de\/wpak\/zur-person\/publikationen\/#breadcrumb\",\"itemListElement\":[{\"@type\":\"ListItem\",\"position\":1,\"name\":\"Startseite\",\"item\":\"http:\/\/www.aklink.de\/wpak\/\"},{\"@type\":\"ListItem\",\"position\":2,\"name\":\"Zur Person\",\"item\":\"http:\/\/www.aklink.de\/wpak\/zur-person\/\"},{\"@type\":\"ListItem\",\"position\":3,\"name\":\"Publikationen\"}]},{\"@type\":\"WebSite\",\"@id\":\"http:\/\/www.aklink.de\/wpak\/#website\",\"url\":\"http:\/\/www.aklink.de\/wpak\/\",\"name\":\"Andreas Klink\",\"description\":\"\",\"publisher\":{\"@id\":\"http:\/\/www.aklink.de\/wpak\/#\/schema\/person\/56e12f2c209b4947bd310bde790c9815\"},\"potentialAction\":[{\"@type\":\"SearchAction\",\"target\":{\"@type\":\"EntryPoint\",\"urlTemplate\":\"http:\/\/www.aklink.de\/wpak\/?s={search_term_string}\"},\"query-input\":{\"@type\":\"PropertyValueSpecification\",\"valueRequired\":true,\"valueName\":\"search_term_string\"}}],\"inLanguage\":\"de\"},{\"@type\":[\"Person\",\"Organization\"],\"@id\":\"http:\/\/www.aklink.de\/wpak\/#\/schema\/person\/56e12f2c209b4947bd310bde790c9815\",\"name\":\"ak\",\"logo\":{\"@id\":\"http:\/\/www.aklink.de\/wpak\/#\/schema\/person\/image\/\"},\"sameAs\":[\"http:\/\/www.aklink.de\"]}]}<\/script>\n<!-- \/ Yoast SEO plugin. -->","yoast_head_json":{"title":"Publikationen | Andreas Klink","robots":{"index":"index","follow":"follow","max-snippet":"max-snippet:-1","max-image-preview":"max-image-preview:large","max-video-preview":"max-video-preview:-1"},"canonical":"http:\/\/www.aklink.de\/wpak\/zur-person\/publikationen\/","og_locale":"de_DE","og_type":"article","og_title":"Publikationen | Andreas Klink","og_description":"B\u00fccher &#8211; Zeitschriften SYSTHEMA (2025b). Heft 3-2025. siehe: Systhema im Internet SYSTHEMA (2025a). Heft 2-2025. siehe: Systhema im Internet SYSTHEMA (2024b). Heft 2-2024. siehe: Systhema im Internet SYSTHEMA (2024a). Heft 1-2024. siehe: Systhema im Internet SYSTHEMA (2023). Themenschwerpunkt: Systemisches Arbeiten im Kontext Schule. Heft 2-2023. siehe: Systhema im Internet SYSTHEMA (2022b). Heft 2-2022. siehe: Systhema im Internet SYSTHEMA (2022a). Themenschwerpunkt:","og_url":"http:\/\/www.aklink.de\/wpak\/zur-person\/publikationen\/","og_site_name":"Andreas Klink","article_modified_time":"2025-11-29T21:54:20+00:00","twitter_card":"summary_large_image","twitter_misc":{"Gesch\u00e4tzte Lesezeit":"14\u00a0Minuten"},"schema":{"@context":"https:\/\/schema.org","@graph":[{"@type":"WebPage","@id":"http:\/\/www.aklink.de\/wpak\/zur-person\/publikationen\/","url":"http:\/\/www.aklink.de\/wpak\/zur-person\/publikationen\/","name":"Publikationen | Andreas Klink","isPartOf":{"@id":"http:\/\/www.aklink.de\/wpak\/#website"},"datePublished":"2011-04-24T00:13:13+00:00","dateModified":"2025-11-29T21:54:20+00:00","breadcrumb":{"@id":"http:\/\/www.aklink.de\/wpak\/zur-person\/publikationen\/#breadcrumb"},"inLanguage":"de","potentialAction":[{"@type":"ReadAction","target":["http:\/\/www.aklink.de\/wpak\/zur-person\/publikationen\/"]}]},{"@type":"BreadcrumbList","@id":"http:\/\/www.aklink.de\/wpak\/zur-person\/publikationen\/#breadcrumb","itemListElement":[{"@type":"ListItem","position":1,"name":"Startseite","item":"http:\/\/www.aklink.de\/wpak\/"},{"@type":"ListItem","position":2,"name":"Zur Person","item":"http:\/\/www.aklink.de\/wpak\/zur-person\/"},{"@type":"ListItem","position":3,"name":"Publikationen"}]},{"@type":"WebSite","@id":"http:\/\/www.aklink.de\/wpak\/#website","url":"http:\/\/www.aklink.de\/wpak\/","name":"Andreas Klink","description":"","publisher":{"@id":"http:\/\/www.aklink.de\/wpak\/#\/schema\/person\/56e12f2c209b4947bd310bde790c9815"},"potentialAction":[{"@type":"SearchAction","target":{"@type":"EntryPoint","urlTemplate":"http:\/\/www.aklink.de\/wpak\/?s={search_term_string}"},"query-input":{"@type":"PropertyValueSpecification","valueRequired":true,"valueName":"search_term_string"}}],"inLanguage":"de"},{"@type":["Person","Organization"],"@id":"http:\/\/www.aklink.de\/wpak\/#\/schema\/person\/56e12f2c209b4947bd310bde790c9815","name":"ak","logo":{"@id":"http:\/\/www.aklink.de\/wpak\/#\/schema\/person\/image\/"},"sameAs":["http:\/\/www.aklink.de"]}]}},"_links":{"self":[{"href":"https:\/\/www.aklink.de\/wpak\/wp-json\/wp\/v2\/pages\/91","targetHints":{"allow":["GET"]}}],"collection":[{"href":"https:\/\/www.aklink.de\/wpak\/wp-json\/wp\/v2\/pages"}],"about":[{"href":"https:\/\/www.aklink.de\/wpak\/wp-json\/wp\/v2\/types\/page"}],"author":[{"embeddable":true,"href":"https:\/\/www.aklink.de\/wpak\/wp-json\/wp\/v2\/users\/1"}],"replies":[{"embeddable":true,"href":"https:\/\/www.aklink.de\/wpak\/wp-json\/wp\/v2\/comments?post=91"}],"version-history":[{"count":98,"href":"https:\/\/www.aklink.de\/wpak\/wp-json\/wp\/v2\/pages\/91\/revisions"}],"predecessor-version":[{"id":2889,"href":"https:\/\/www.aklink.de\/wpak\/wp-json\/wp\/v2\/pages\/91\/revisions\/2889"}],"up":[{"embeddable":true,"href":"https:\/\/www.aklink.de\/wpak\/wp-json\/wp\/v2\/pages\/62"}],"wp:attachment":[{"href":"https:\/\/www.aklink.de\/wpak\/wp-json\/wp\/v2\/media?parent=91"}],"curies":[{"name":"wp","href":"https:\/\/api.w.org\/{rel}","templated":true}]}}